{"id":89,"date":"2014-08-22T01:58:38","date_gmt":"2014-08-21T18:03:45","guid":{"rendered":"http:\/\/mikael.wpengine.com\/?page_id=89"},"modified":"2022-03-11T20:45:11","modified_gmt":"2022-03-11T18:45:11","slug":"plan-milstolpar","status":"publish","type":"page","link":"https:\/\/blueheart.center\/sv\/plan-milstolpar\/","title":{"rendered":"Plan &#038; milstolpar"},"content":{"rendered":"<div class=\"wpb-content-wrapper\"><p>[vc_row parallax=&#8221;content-moving&#8221;][vc_column][vc_column_text]<\/p>\n<blockquote><p>Verksamheten i sig \u00e4r helt unik och resultatet kan bli lika banbrytande f\u00f6r m\u00e4nskligheten som n\u00e4r v\u00e5ra sten\u00e5ldersanf\u00e4der gick fr\u00e5n j\u00e4gare-samlare till att b\u00f6rja bruka jorden och bli bofasta.<\/p><\/blockquote>\n<p>[\/vc_column_text][vc_text_separator title=&#8221;Om projektet&#8221; i_icon_fontawesome=&#8221;fa fa-info&#8221; i_color=&#8221;green&#8221; add_icon=&#8221;true&#8221;][\/vc_column][\/vc_row][vc_row][vc_column width=&#8221;2\/3&#8243;][vc_toggle title=&#8221;\u00d6versikt&#8221; color=&#8221;blue&#8221; size=&#8221;lg&#8221; open=&#8221;true&#8221; el_id=&#8221;1468876681303-dd50822c-b5d6&#8243;]Insamlingsstiftelsen Blueheart Project samlar in kapital som ska anv\u00e4ndas till att hitta ett nytt s\u00e4tt f\u00f6r m\u00e4nniskor att leva tillsammans. Denna verksamhet ska \u00e4ga rum p\u00e5 en g\u00e5rd n\u00e5gonstans i trakterna kring Stockholm.<\/p>\n<p>P\u00e5 detta center ska de som bor kunna skapa konst, utveckla sig, delta, inspirera, odla ekologiskt, str\u00e4va efter sj\u00e4lvf\u00f6rs\u00f6rjning och hela tiden f\u00f6rb\u00e4ttra levnadss\u00e4ttet &#8211; b\u00e5de sig sj\u00e4lva och f\u00f6r andra &#8211; p\u00e5 ett h\u00e5llbart s\u00e4tt.<\/p>\n<p>M\u00e5let \u00e4r att hitta ett s\u00e4tt att leva tillsammans i grupp p\u00e5 ett effektivare s\u00e4tt \u00e4n vi \u00e4r vana vid och i symbios med samh\u00e4llet och f\u00f6retag men p\u00e5 ett mer h\u00e5llbart s\u00e4tt \u00e4n dagens boendeformer.[\/vc_toggle][vc_toggle title=&#8221;Fokus p\u00e5 talang&#8221; color=&#8221;turquoise&#8221; size=&#8221;lg&#8221; el_id=&#8221;1468875027068-a35ed9d0-03c1&#8243;]Fokus p\u00e5 talang &#8211; n\u00e4r man \u00e4r en del av centret ska inga pengar beh\u00f6vas f\u00f6r att \u00f6verleva &#8211; allt en resident beh\u00f6ver g\u00f6ra \u00e4r att vara kreativ och skapa. Bygga, designa, undervisa, g\u00f6ra smycken, m\u00e5la, sy kl\u00e4der eller n\u00e5got annat som centret kan ha nytta av eller s\u00e4lja vidare till bes\u00f6kare och i webshoppen.[\/vc_toggle][vc_toggle title=&#8221;M\u00e5l&#8221; color=&#8221;green&#8221; size=&#8221;lg&#8221; el_id=&#8221;1468874940502-7ca6e54b-e2f1&#8243;]M\u00e5let \u00e4r att hitta ett s\u00e4tt att leva tillsammans i grupp p\u00e5 ett effektivare s\u00e4tt \u00e4n tidigare och symbios med samh\u00e4llet och f\u00f6retag men p\u00e5 ett mer h\u00e5llbart s\u00e4tt \u00e4n dagens boendeformer.[\/vc_toggle][vc_toggle title=&#8221;Community f\u00f6rverkligar dr\u00f6mmar&#8221; color=&#8221;violet&#8221; size=&#8221;lg&#8221; open=&#8221;true&#8221; el_id=&#8221;1468873076565-feca2a29-48a6&#8243;]Genom att ge individer en m\u00f6jlighet att bo under omst\u00e4ndigheterna vi skapar s\u00e5 hittar vi modeller p\u00e5 samlevnad som kan appliceras p\u00e5 andra st\u00e4llen s\u00e5 utvecklas vi. Begreppet permakultur \u00e4r ganska nytt och m\u00e5nga attraheras redan av id\u00e9n och olika former av b\u00e5de permakultur och kollektiva boenden har v\u00e4xt fram. Ofta \u00e4r den gemensamma punkten odling \u00e4ven om m\u00e5nga samverkar p\u00e5 flera omr\u00e5den. Att kombinera v\u00e5r permakultur med skapande och forska i att effektivisera och f\u00f6rverkliga v\u00e5ra dr\u00f6mmar \u00e4r dock helt unikt. M\u00e5let \u00e4r att hitta en fungerande koncept och ge alla som vill m\u00f6jligheten, och kunna v\u00e4lja att g\u00e5 tillbaka till storstadsliv ocks\u00e5. Det fantastiska \u00e4r ju att levnadss\u00e4tten beh\u00f6ver inte vara emot varandra, utan inspireras och vara valm\u00f6jligheter.[\/vc_toggle][vc_toggle title=&#8221;Ekonomi&#8221; color=&#8221;peacoc&#8221; size=&#8221;lg&#8221; el_id=&#8221;1468872732371-0fb2b9ad-1b2a&#8221;]Genom frivilligt arbete och insamlande aktiviteter ska centret grundas. St\u00f6d fr\u00e5n institutioner ska s\u00f6kas f\u00f6r att t\u00e4cka upp den h\u00f6ga kostnaden av f\u00f6rv\u00e4rv och bygge av omr\u00e5de att bedriva forskningen p\u00e5.<\/p>\n<p>M\u00e5let \u00e4r att centret ska vara helt sj\u00e4lvf\u00f6rs\u00f6rjande p\u00e5 alla omr\u00e5den inom 20 \u00e5r.[\/vc_toggle][vc_toggle title=&#8221;Deltagare&#8221; color=&#8221;purple&#8221; size=&#8221;lg&#8221; el_id=&#8221;1468872984281-795b04bf-5565&#8243;]Den grupp som prim\u00e4rt ing\u00e5r i forskningen kommer ligga p\u00e5 80 &#8211; 120 och antalet individer som p\u00e5 n\u00e5got s\u00e4tt eller periodvis deltar kan bli betydligt fler. Vi skall lyfta det kommersiella v\u00e4rdet f\u00f6r m\u00e4nskligheten i att det bevisligen g\u00e5r att s\u00e4tta en grupp m\u00e4nniskor p\u00e5 att g\u00f6ra precis vad de vill samtidigt som de genererar int\u00e4kter \u00e4r nog om\u00f6jlig att uppskatta.[\/vc_toggle][\/vc_column][vc_column width=&#8221;1\/3&#8243;][vc_message message_box_style=&#8221;solid&#8221; style=&#8221;square&#8221; message_box_color=&#8221;sandy_brown&#8221; icon_fontawesome=&#8221;fa fa-check&#8221;]Effektm\u00e5l (ekonomiskt): Produkten av deltagarnas insatser oms\u00e4tts och t\u00e4cker l\u00f6pande kostnader.[\/vc_message][vc_message message_box_style=&#8221;solid&#8221; style=&#8221;square&#8221; message_box_color=&#8221;alert-warning&#8221; icon_fontawesome=&#8221;fa fa-check&#8221;]Effektm\u00e5l (socialt\/professionellt): P\u00e5visa relationen mellan v\u00e4lbefinnande och grad av entusiasm som till\u00e4gnas sin syssla, dokumentera hur detta fr\u00e4mjar innovation. Dokumentera hur frihet att v\u00e4lja syssla \u00f6kar effektiviteten och gl\u00e4djen i det som g\u00f6rs vilket h\u00f6jer kvaliteten p\u00e5 produkten.[\/vc_message][vc_message icon_fontawesome=&#8221;fa fa-lightbulb-o&#8221;]Hypotes: Produkten av att en individ f\u00e5r \u00e4gna sig \u00e5t det den tycker \u00e4r roligt och har talang f\u00f6r kan oms\u00e4ttas i ett leverne f\u00f6rutsatt att individen ges utrymme att fritt utvecklas.[\/vc_message][\/vc_column][\/vc_row]<\/p>\n<\/div>","protected":false},"excerpt":{"rendered":"<p>[vc_row parallax=&#8221;content-moving&#8221;][vc_column][vc_column_text] Verksamheten i sig \u00e4r helt unik och resultatet kan bli lika banbrytande f\u00f6r m\u00e4nskligheten som n\u00e4r v\u00e5ra sten\u00e5ldersanf\u00e4der gick fr\u00e5n j\u00e4gare-samlare till att b\u00f6rja bruka jorden och bli bofasta. [\/vc_column_text][vc_text_separator title=&#8221;Om projektet&#8221; i_icon_fontawesome=&#8221;fa fa-info&#8221; i_color=&#8221;green&#8221; add_icon=&#8221;true&#8221;][\/vc_column][\/vc_row][vc_row][vc_column width=&#8221;2\/3&#8243;][vc_toggle title=&#8221;\u00d6versikt&#8221; color=&#8221;blue&#8221; size=&#8221;lg&#8221; open=&#8221;true&#8221; el_id=&#8221;1468876681303-dd50822c-b5d6&#8243;]Insamlingsstiftelsen Blueheart Project samlar in kapital som ska anv\u00e4ndas till att hitta [&hellip;]<\/p>\n","protected":false},"author":1,"featured_media":5398,"parent":0,"menu_order":0,"comment_status":"open","ping_status":"open","template":"page-PageTemplate3.php","meta":{"footnotes":""},"class_list":["post-89","page","type-page","status-publish","has-post-thumbnail","hentry"],"_links":{"self":[{"href":"https:\/\/blueheart.center\/sv\/wp-json\/wp\/v2\/pages\/89","targetHints":{"allow":["GET"]}}],"collection":[{"href":"https:\/\/blueheart.center\/sv\/wp-json\/wp\/v2\/pages"}],"about":[{"href":"https:\/\/blueheart.center\/sv\/wp-json\/wp\/v2\/types\/page"}],"author":[{"embeddable":true,"href":"https:\/\/blueheart.center\/sv\/wp-json\/wp\/v2\/users\/1"}],"replies":[{"embeddable":true,"href":"https:\/\/blueheart.center\/sv\/wp-json\/wp\/v2\/comments?post=89"}],"version-history":[{"count":0,"href":"https:\/\/blueheart.center\/sv\/wp-json\/wp\/v2\/pages\/89\/revisions"}],"wp:featuredmedia":[{"embeddable":true,"href":"https:\/\/blueheart.center\/sv\/wp-json\/wp\/v2\/media\/5398"}],"wp:attachment":[{"href":"https:\/\/blueheart.center\/sv\/wp-json\/wp\/v2\/media?parent=89"}],"curies":[{"name":"wp","href":"https:\/\/api.w.org\/{rel}","templated":true}]}}