{"id":4574,"date":"2016-04-11T16:22:48","date_gmt":"2016-04-11T14:22:48","guid":{"rendered":"http:\/\/blueheart.center\/?page_id=4574"},"modified":"2020-04-21T15:09:40","modified_gmt":"2020-04-21T13:09:40","slug":"markagare","status":"publish","type":"page","link":"https:\/\/blueheart.center\/sv\/komma-igang\/markagare\/","title":{"rendered":"Mark\u00e4gare"},"content":{"rendered":"<div class=\"wpb-content-wrapper\"><p>[vc_row][vc_column][vc_text_separator title=&#8221;Mark\u00e4gare s\u00f6kes! Har du mark i Stockholmstrakten?&#8221; i_icon_fontawesome=&#8221;fa fa-puzzle-piece&#8221; add_icon=&#8221;true&#8221;][\/vc_column][\/vc_row][vc_row][vc_column width=&#8221;1\/4&#8243;][vc_column_text css=&#8221;.vc_custom_1483567139512{padding: 5px !important;background-color: rgba(30,115,190,0.51) !important;*background-color: rgb(30,115,190) !important;border: 1px solid rgba(0,0,0,0.68) !important;border-radius: 1px !important;}&#8221;]<\/p>\n<h4>Varf\u00f6r \u00e4r v\u00e5rt arbete s\u00e5 viktigt?<\/h4>\n<p>Vi kan vara veganer en dag i veckan eller \u00e5ka kommunalt till jobbet n\u00e5gon g\u00e5ng, det k\u00e4nns bra och vi g\u00f6r en insats f\u00f6r milj\u00f6n?<\/p>\n<p>Vi kan ha lite m\u00f6ten i olika europeiska huvudst\u00e4der om huruvida vi ska h\u00e5lla temperatur\u00f6kning p\u00e5 ett visst antal grader och br\u00e5ka om plus\/minus en halv grad innan vi kommer \u00f6verens.<\/p>\n<p>Vi kan inf\u00f6ra olika regler, g\u00f6ra v\u00e5ra bilar aningen bensinsn\u00e5lare och f\u00f6rs\u00f6ka k\u00e4llsortera ibland. Vi kanske till och med kan f\u00f6rs\u00f6ka t\u00e4nka p\u00e5 om vi \u00e4ter den sista torsken &#8211; eller om det bara var n\u00e4st sista innan haven \u00e4r utfiskade.<\/p>\n<p><strong>Det beh\u00f6vs n\u00e5got lite radikalare.<\/strong><\/p>\n<p>F\u00f6r b\u00e5de du och jag vet att det d\u00e4r r\u00e4cker inte. Det r\u00e4cker inte p\u00e5 l\u00e5nga v\u00e4gar, det tar oss inte ens till startlinjen.<\/p>\n<h3>Kan det vara s\u00e5 att du \u00e4r v\u00e5r hj\u00e4lte? Kontakta oss omedelbart.<\/h3>\n<p><strong>Maila p\u00e5 mikael@blueheart.center eller ring 0739 832 790.<\/strong><\/p>\n<p>Vi ser att v\u00e5r Stiftelse \u00e4r organisationen som \u00e4ger marken och att den skrivs \u00f6ver som en g\u00e5va eller k\u00f6ps f\u00f6r en symbolisk summa, men vi kan \u00e4ven komma att \u00f6verv\u00e4ga andra l\u00f6sningar.[\/vc_column_text][\/vc_column][vc_column width=&#8221;1\/4&#8243;][vc_column_text css=&#8221;.vc_custom_1483566994593{padding: 5px !important;background-color: rgba(221,62,62,0.5) !important;*background-color: rgb(221,62,62) !important;border: 1px solid rgba(0,0,0,0.53) !important;border-radius: 1px !important;}&#8221;]<\/p>\n<h4>\u00c4r du mark\u00e4gare?<\/h4>\n<p>Ge oss mark &#8211; s\u00e5 f\u00f6r\u00e4ndrar vi v\u00e4rlden<\/p>\n<p><strong>Vi beh\u00f6ver mark n\u00e5gonstans omkring Stockholm f\u00f6r att bygga forskningscenter. <\/strong><\/p>\n<p><strong>Vi \u00e4r en ideell organisation som verkar f\u00f6r att l\u00f6sa milj\u00f6problem och klimathot genom strukturera om de levnadsf\u00f6rh\u00e5llanden vi \u00e4r vana vid. Vi tror att det finns ett enkelt s\u00e4tt att uppn\u00e5 flera m\u00e5l: h\u00e5llbart leverne, \u00f6kad livskvalitet och ekonomisk tillv\u00e4xt samtidigt. Vi beh\u00f6ver din hj\u00e4lp f\u00f6r att komma ig\u00e5ng.<\/strong>[\/vc_column_text][\/vc_column][vc_column width=&#8221;1\/4&#8243;][vc_column_text]<\/p>\n<h4>Kommer de forna utvecklingsl\u00e4nderna att f\u00f6rst\u00e5 att de inte kan unna sig samma v\u00e4lf\u00e4rd som vi?<\/h4>\n<p>Vi kan ju leva p\u00e5 tron att kommer ta v\u00e5rt f\u00f6rnuft till f\u00e5nga. Men tror du verkligen att vi kommer ge upp v\u00e5rt bekv\u00e4ma liv. Jag menar, minimera avgaser till den gr\u00e4ns att vi cyklar n\u00e5gra mil n\u00e4r det beh\u00f6vs. Undviker semester och flyg. S\u00e4ger farv\u00e4l till slit- och sl\u00e4ng samh\u00e4llet och b\u00f6rjar lappa v\u00e5ra trasiga kl\u00e4der ist\u00e4llet f\u00f6r att k\u00f6pa nya. S\u00e4ger nej till allt som kan t\u00e4nkas p\u00e5verka v\u00e5r planet negativt. Och tror du att den stora majoriteten av v\u00e5ra 6 miljarder medm\u00e4nniskor p\u00e5 jorden \u00e4r beredda att v\u00e4lja det livet, inklusive U-l\u00e4nderna som numera b\u00f6rjar komma ikapp och ha ekonomi nog till att f\u00e5 smaka p\u00e5 v\u00e4lf\u00e4rdens konsumtionssamh\u00e4lle?<\/p>\n<p><strong>Vi tror inte det!<\/strong><\/p>\n<p>Men det kanske finns en annan v\u00e4g? Ett samh\u00e4lle med en boendeform d\u00e4r v\u00e4lf\u00e4rdens f\u00f6rdelar tillgodoses samtidigt som det \u00e4r h\u00e5llbart. Och det r\u00e4cker att en viss andel av befolkningen v\u00e4ljer denna boendeform f\u00f6r att s\u00e4nka niv\u00e5erna p\u00e5 b\u00e5de det ena och det andra.<\/p>\n<p>Det \u00e4r ju s\u00e5, att utveckling stannar aldrig av. Vi kommer f\u00f6rr eller senare att f\u00f6r\u00e4ndra v\u00e5rt levnadss\u00e4tt till n\u00e5got b\u00e4ttre, om bara jorden och dess ekobalans inte f\u00f6rst\u00f6rs helt innan dess. Vi har g\u00e5tt fr\u00e5n att vara apm\u00e4nniskor, nomader, flockm\u00e4nniskor till att bli bofasta och leva i stammar till att forma bondesamh\u00e4llen med socknar, och med den industriella revolutionen f\u00f6r\u00e4ndrades mycket igen. Precis som att feodalsamh\u00e4lle inte l\u00e4ngre k\u00e4nns effektivt och diktaturer h\u00e4mmar landets utveckling k\u00e4nns sj\u00e4lvklart kommer vi att se tillbaka p\u00e5 v\u00e5rt nuvarande levnadsf\u00f6rh\u00e5llande. Det \u00e4r detta s\u00e4tt vi m\u00e5ste skynda oss att uppt\u00e4cka, f\u00f6r det \u00e4r en kamp mot klockan d\u00e4r jordens \u00f6verlevnad st\u00e5r p\u00e5 spel![\/vc_column_text][\/vc_column][vc_column width=&#8221;1\/4&#8243;][vc_column_text]<\/p>\n<h3>Vi bygger forskningscenter<\/h3>\n<p>Vi ska bygga ett forskningscenter som kommer att vara som en liten by d\u00e4r en grupp p\u00e5 omkring 120 individer ska n\u00e5 m\u00e5l som NOLL-vision avfall, energim\u00e4ssigt sj\u00e4lvf\u00f6rs\u00f6rjande och skapa \u00e4tbara gr\u00f6nomr\u00e5den d\u00e4r gr\u00f6dor och h\u00e4rlig frukt v\u00e4xer integrerat i samh\u00e4llet. P\u00e5 ett processorienterat s\u00e4tt ska f\u00f6rs\u00f6kssamh\u00e4llet str\u00e4va efter att samtidigt bli ekonomiskt sj\u00e4lvf\u00f6rs\u00f6rjande samtidigt som individerna ska f\u00e5 tillf\u00e4lle att uppn\u00e5 sina egna m\u00e5l och f\u00f6rverkliga sig sj\u00e4lva.<\/p>\n<p>Vi beh\u00f6ver mark! Projektet \u00e4r indelat i fyra faser och s\u00e5 snart vi har tillg\u00e5ng till mark s\u00e5 kan vi g\u00e5 vidare till fas 2.<\/p>\n<p>F\u00f6r att bygga forskningscentret beh\u00f6vs mark med en mindre fastighet.<\/p>\n<ul>\n<li>M\u00e5ste vara bel\u00e4gget i Uppland eller S\u00f6dermanland.<\/li>\n<li>Tillg\u00e5ng till antingen sj\u00f6 eller hav.<\/li>\n<li>100 hektar mark eller mer.<\/li>\n<\/ul>\n<p>Vi s\u00f6ker dig som \u00e4ger skog eller mark som du inte beh\u00f6ver och vill bli av med samtidigt som du vill g\u00f6ra en verklig insats f\u00f6r milj\u00f6n och framtiden. Det kan v\u00e5ra en g\u00e5rd med en mindre eller st\u00f6rre fastighet till att f\u00f6rvara material, inkvartering under byggperioder och m\u00f6teslokal, men saknas fastighet helt s\u00e5 g\u00e5r det ocks\u00e5 bra. Marken f\u00e5r g\u00e4rna vara av blandade typer.[\/vc_column_text][\/vc_column][\/vc_row]<\/p>\n<\/div>","protected":false},"excerpt":{"rendered":"<p>[vc_row][vc_column][vc_text_separator title=&#8221;Mark\u00e4gare s\u00f6kes! Har du mark i Stockholmstrakten?&#8221; i_icon_fontawesome=&#8221;fa fa-puzzle-piece&#8221; add_icon=&#8221;true&#8221;][\/vc_column][\/vc_row][vc_row][vc_column width=&#8221;1\/4&#8243;][vc_column_text css=&#8221;.vc_custom_1483567139512{padding: 5px !important;background-color: rgba(30,115,190,0.51) !important;*background-color: rgb(30,115,190) !important;border: 1px solid rgba(0,0,0,0.68) !important;border-radius: 1px !important;}&#8221;] Varf\u00f6r \u00e4r v\u00e5rt arbete s\u00e5 viktigt? Vi kan vara veganer en dag i veckan eller \u00e5ka kommunalt till jobbet n\u00e5gon g\u00e5ng, det k\u00e4nns bra och vi g\u00f6r en insats f\u00f6r [&hellip;]<\/p>\n","protected":false},"author":1,"featured_media":0,"parent":95,"menu_order":0,"comment_status":"closed","ping_status":"closed","template":"page-FullWidth.php","meta":{"footnotes":""},"class_list":["post-4574","page","type-page","status-publish","hentry"],"_links":{"self":[{"href":"https:\/\/blueheart.center\/sv\/wp-json\/wp\/v2\/pages\/4574","targetHints":{"allow":["GET"]}}],"collection":[{"href":"https:\/\/blueheart.center\/sv\/wp-json\/wp\/v2\/pages"}],"about":[{"href":"https:\/\/blueheart.center\/sv\/wp-json\/wp\/v2\/types\/page"}],"author":[{"embeddable":true,"href":"https:\/\/blueheart.center\/sv\/wp-json\/wp\/v2\/users\/1"}],"replies":[{"embeddable":true,"href":"https:\/\/blueheart.center\/sv\/wp-json\/wp\/v2\/comments?post=4574"}],"version-history":[{"count":0,"href":"https:\/\/blueheart.center\/sv\/wp-json\/wp\/v2\/pages\/4574\/revisions"}],"up":[{"embeddable":true,"href":"https:\/\/blueheart.center\/sv\/wp-json\/wp\/v2\/pages\/95"}],"wp:attachment":[{"href":"https:\/\/blueheart.center\/sv\/wp-json\/wp\/v2\/media?parent=4574"}],"curies":[{"name":"wp","href":"https:\/\/api.w.org\/{rel}","templated":true}]}}